{"id":1576,"date":"2018-05-16T14:39:17","date_gmt":"2018-05-16T14:39:17","guid":{"rendered":"http:\/\/keine-osttangente.de\/?page_id=1576"},"modified":"2021-04-03T11:09:12","modified_gmt":"2021-04-03T11:09:12","slug":"hilfe","status":"publish","type":"page","link":"https:\/\/keine-osttangente.de\/?page_id=1576","title":{"rendered":"Hilfe"},"content":{"rendered":"<p>Wir bieten auf diesen Seiten umfangreiche Informationen zum Thema Mobilitaet an.<\/p>\n<p>Hier ein \u00dcberblick \u00fcber die Funktionen:<\/p>\n<p><a href=\"https:\/\/i0.wp.com\/keine-osttangente.de\/wp-content\/uploads\/2018\/05\/Hilfe.jpg?ssl=1\"><img loading=\"lazy\" decoding=\"async\" data-attachment-id=\"1600\" data-permalink=\"https:\/\/keine-osttangente.de\/?attachment_id=1600\" data-orig-file=\"https:\/\/i0.wp.com\/keine-osttangente.de\/wp-content\/uploads\/2018\/05\/Hilfe.jpg?fit=1300%2C922&amp;ssl=1\" data-orig-size=\"1300,922\" data-comments-opened=\"1\" data-image-meta=\"{&quot;aperture&quot;:&quot;0&quot;,&quot;credit&quot;:&quot;Rudolf Kaiserswerth&quot;,&quot;camera&quot;:&quot;&quot;,&quot;caption&quot;:&quot;&quot;,&quot;created_timestamp&quot;:&quot;1526492324&quot;,&quot;copyright&quot;:&quot;&quot;,&quot;focal_length&quot;:&quot;0&quot;,&quot;iso&quot;:&quot;0&quot;,&quot;shutter_speed&quot;:&quot;0&quot;,&quot;title&quot;:&quot;&quot;,&quot;orientation&quot;:&quot;0&quot;}\" data-image-title=\"Hilfe\" data-image-description=\"\" data-image-caption=\"\" data-medium-file=\"https:\/\/i0.wp.com\/keine-osttangente.de\/wp-content\/uploads\/2018\/05\/Hilfe.jpg?fit=300%2C213&amp;ssl=1\" data-large-file=\"https:\/\/i0.wp.com\/keine-osttangente.de\/wp-content\/uploads\/2018\/05\/Hilfe.jpg?fit=474%2C336&amp;ssl=1\" class=\"alignright size-full wp-image-1600\" src=\"https:\/\/i0.wp.com\/keine-osttangente.de\/wp-content\/uploads\/2018\/05\/Hilfe.jpg?resize=474%2C336&#038;ssl=1\" alt=\"\" width=\"474\" height=\"336\" srcset=\"https:\/\/i0.wp.com\/keine-osttangente.de\/wp-content\/uploads\/2018\/05\/Hilfe.jpg?w=1300&amp;ssl=1 1300w, https:\/\/i0.wp.com\/keine-osttangente.de\/wp-content\/uploads\/2018\/05\/Hilfe.jpg?resize=300%2C213&amp;ssl=1 300w, https:\/\/i0.wp.com\/keine-osttangente.de\/wp-content\/uploads\/2018\/05\/Hilfe.jpg?resize=768%2C545&amp;ssl=1 768w, https:\/\/i0.wp.com\/keine-osttangente.de\/wp-content\/uploads\/2018\/05\/Hilfe.jpg?resize=1024%2C726&amp;ssl=1 1024w, https:\/\/i0.wp.com\/keine-osttangente.de\/wp-content\/uploads\/2018\/05\/Hilfe.jpg?w=948&amp;ssl=1 948w\" sizes=\"(max-width: 474px) 100vw, 474px\" data-recalc-dims=\"1\" \/><\/a><\/p>\n<p>&nbsp;<\/p>\n<ul>\n<li><strong>Header<\/strong> &#8211; dient zur Information<\/li>\n<li><strong>Men\u00fcleiste<\/strong> &#8211; enth\u00e4lt statische Informationen (siehe unten)<\/li>\n<li><strong>Linke Seitenleiste<\/strong> &#8211; zus\u00e4tzliche Funktionen<\/li>\n<li><strong>Rechte Seitenleiste<\/strong> &#8211; zus\u00e4tzliche Funktionen<\/li>\n<li><strong>Inhaltsbereich<\/strong> &#8211; die eigentlichen \/ dynamischen Informationen. Hier k\u00f6nnen Sie Beitr\u00e4ge auf\u00a0 Soziale Netzwerke teilen bzw. Kommentare schreiben.<\/li>\n<li><strong>Footer<\/strong> &#8211; der Bereich ganz unten mit wichtigen Links<\/li>\n<\/ul>\n<h3>Linke Seitenleiste<\/h3>\n<p>Hier stehen folgende Informationen zur Verf\u00fcgung:<\/p>\n<ul>\n<li><strong>Kategorien<\/strong> &#8211; f\u00fcr die Auswahl von Beitr\u00e4gen nach Kategorien<\/li>\n<li><strong>Neueste Beitr\u00e4ge<\/strong> &#8211; die neuesten Beitr\u00e4ge.<\/li>\n<li><strong>Neueste Kommentare<\/strong> &#8211; die neuesten Kommentare.<\/li>\n<li><strong>Archiv<\/strong> &#8211; die Beitr\u00e4ge nach Erscheinungsdatum geordnet<\/li>\n<li><strong>Administration<\/strong> &#8211; hier k\u00f6nnen Sie RSS Feeds konfigurieren.<\/li>\n<\/ul>\n<p>Hinweis: Die linke Seitenleiste ist auf mobilen Ger\u00e4ten ganz unten angeordnet.<\/p>\n<h3>Rechte Seitenleiste<\/h3>\n<p>Hier gibt es folgende Funktionalit\u00e4ten, die Ihnen das Selektieren bestimmter Beitr\u00e4ge erleichtern (siehe dazu auch die Suchfunktion in der Men\u00fcleiste):<\/p>\n<ul>\n<li><strong>Veranstaltungen<\/strong> &#8211; die n\u00e4chsten Veranstaltungen (nur wenn welche angek\u00fcndigt sind)<\/li>\n<li><strong>Kalender<\/strong> &#8211; Tage, zu denen Informationen existieren sind markiert. Sie k\u00f6nnen hier monatsweise bl\u00e4ttern.<\/li>\n<li><strong>Schlagw\u00f6rter<\/strong> &#8211; erlaubt die Seiten nach definierten Stichworten zu durchsuchen.<\/li>\n<li><strong>Neueste Presseartikel<\/strong> &#8211; eine Liste der neuesten Presseartikel<\/li>\n<\/ul>\n<h3>Men\u00fcleiste<\/h3>\n<p>In den Men\u00fcs sind statische Informationen hinterlegt:<\/p>\n<ul>\n<li><strong>Start<\/strong> &#8211; der Bereich mit den Beitr\u00e4gen (die neuesten stehen oben).<\/li>\n<li><strong>Mitglieder<\/strong> &#8211; eine Auflistung der Mitglieder in unserem B\u00fcndnis.<\/li>\n<li><strong>Presse<\/strong> &#8211; eine Auflistung aller Presseartikel.<\/li>\n<li><strong>Information<\/strong> &#8211; hier gibt es Informationen &#8218;Wer wir sind&#8216; und &#8218;Wof\u00fcr wir stehen&#8216;. Ferner Informationen \u00fcber die Osttangente und die Alternativen dazu.<\/li>\n<li><strong>Mitmachen<\/strong> &#8211; eine Auflistung der M\u00f6glichkeiten, wie Sie bei uns mitmachen k\u00f6nnen.<\/li>\n<li><strong>Facebook<\/strong> &#8211; das Link zu unserem Facebook-Auftritt.<\/li>\n<li><strong>Wichtiges <\/strong>&#8211; organisatorische Informationen wie das Impressum, die Datenschutzerkl\u00e4rung, diese Hilfeseite sowie die M\u00f6glichkeit zur Kontaktaufnahme.<\/li>\n<li><strong>Suche<\/strong> &#8211; ein Lupensymbol weist auf die Suchfunktion hin.<\/li>\n<\/ul>\n<h3>Footer<\/h3>\n<p>In der Fu\u00dfleiste finden Sie &#8211; wie f\u00fcr das Impressum und die Datenschutzerkl\u00e4rung gesetzlich gefordert &#8211; Links, die Sie von jeder Seite aus mit einem Klick zu diesen Informationen f\u00fchrt. Hier finden Sie<\/p>\n<ul>\n<li><strong>Impressum<\/strong> &#8211; unser Impressum<\/li>\n<li><strong>Datenschutzerkl\u00e4rung<\/strong> &#8211; unsere Datenschutzerkl\u00e4rung<\/li>\n<li><strong>Hilfe<\/strong> &#8211; diese Informationen, die Sie gerade lesen<\/li>\n<li><strong>Kontakt<\/strong> &#8211; die M\u00f6glichkeit, mit uns in Kontakt zu treten<\/li>\n<\/ul>\n<h3>Wer kann Artikel bzw. Kommentare kommentieren?<\/h3>\n<p>Jeder kann \u00fcber die Kommentar-Funktion seine Meinung bzw. eigene Ideen zu Artikeln bzw. Kommentaren einbringen.<\/p>\n<p>Dazu ist keine Anmeldung erforderlich. Lediglich der Name und eine E-Mail-Adresse m\u00fcssen angegeben werden. Da wir hier transparent arbeiten (d.h. unsere Namen sind klar ersichtlich) w\u00fcnschen wir uns, dass auch alle anderen sich hier mit ihren realen Namen und keinen Alias-Namen einbringen.<\/p>\n<p>Um einen Kommentar zu verfassen, klicken Sie einfach auf &#8222;Hinterlasse eine Antwort&#8220; oberhalb des Beitrags (wenn noch kein Kommentar existiert). Falls mindestens ein Kommentar existiert, wird dies durch &#8222;&#8230; Antworten&#8220; angezeigt. Ein Klick darauf zeigt den Beitrag sowie die Kommentare. Zu beidem k\u00f6nnen nun wiederum Kommentare hinterlegt werden.<\/p>\n<p>Zur Kommentarfunktion sowie zur M\u00f6glichkeit Folgekommentare oder Beitr\u00e4ge zu abonnieren und diese wieder abzubestellen gibt es weitere Informationen in unserer <a href=\"http:\/\/www.gruene-mering.de\/?page_id=1369\"><strong>Datenschutzerkl\u00e4rung<\/strong><\/a>.<\/p>\n<h3>Warum werden Kommentare ge\u00e4ndert oder gel\u00f6scht?<\/h3>\n<p>Kommentare die rassistische, beleidigende oder anst\u00f6\u00dfige Inhalte beinhalten, k\u00f6nnen wir nicht dulden.<\/p>\n<p>Zu jedem erstellten oder ge\u00e4nderten Kommentar erhalten wir eine Info-Mail. Wir schauen uns die Kommentare zeitnah an und behalten uns vor, Kommentare, die gegen die oben angegebenen Prinzipien versto\u00dfen, zu \u00e4ndern oder zu l\u00f6schen.<\/p>\n<p>Die E-Mail-Adresse ist notwendig, damit wir in Zweifelsf\u00e4llen R\u00fcckfragen an den Autor stellen k\u00f6nnen. Ist die E-Mail-Adresse nicht korrekt (d.h. die Mail kam zur\u00fcck), wird der Kommentar in jedem Fall gel\u00f6scht.<\/p>\n","protected":false},"excerpt":{"rendered":"<p>Wir bieten auf diesen Seiten umfangreiche Informationen zum Thema Mobilitaet an. Hier ein \u00dcberblick \u00fcber die Funktionen: &nbsp; Header &#8211; dient zur Information Men\u00fcleiste &#8211; enth\u00e4lt statische Informationen (siehe unten) Linke Seitenleiste &#8211; zus\u00e4tzliche Funktionen Rechte Seitenleiste &#8211; zus\u00e4tzliche Funktionen Inhaltsbereich &#8211; die eigentlichen \/ dynamischen Informationen. Hier k\u00f6nnen Sie Beitr\u00e4ge auf\u00a0 Soziale Netzwerke teilen &hellip; <a href=\"https:\/\/keine-osttangente.de\/?page_id=1576\" class=\"more-link\"><span class=\"screen-reader-text\">Hilfe<\/span> weiterlesen <span class=\"meta-nav\">&rarr;<\/span><\/a><\/p>\n","protected":false},"author":1,"featured_media":0,"parent":0,"menu_order":0,"comment_status":"closed","ping_status":"closed","template":"","meta":{"jetpack_post_was_ever_published":false,"footnotes":""},"jetpack_shortlink":"https:\/\/wp.me\/P8dGOP-pq","jetpack-related-posts":[{"id":431,"url":"https:\/\/keine-osttangente.de\/?page_id=431","url_meta":{"origin":1576,"position":0},"title":"Abonnieren","author":"Admin","date":"15. Juni 2015","format":false,"excerpt":"Wenn Sie aktiv von uns informiert werden m\u00f6chten, gibt es mehrere M\u00f6glichkeiten: Sie k\u00f6nnen sich unsere RSS Feeds abonnieren (linke Spalte ganz unten im Abschnitt Administration). Sie k\u00f6nnen die Beitr\u00e4ge abonnieren und \/ oder die Kommentare. Viele Informationen geben wir auch \u00fcber unsere Facebook-Gruppe bekannt. Dort finden ebenfalls Diskussionen statt.\u2026","rel":"","context":"\u00c4hnlicher Beitrag","block_context":{"text":"\u00c4hnlicher Beitrag","link":""},"img":{"alt_text":"","src":"","width":0,"height":0},"classes":[]},{"id":738,"url":"https:\/\/keine-osttangente.de\/?page_id=738","url_meta":{"origin":1576,"position":1},"title":"Keine Osttangente","author":"Admin","date":"14. M\u00e4rz 2016","format":false,"excerpt":"NEUES Die Firma Honold hat auf eine weitere Bewerbung um Mering verzichtet.\u00a0 Der B\u00fcrgermeister h\u00e4lt nach wie vor daran fest, einen Gro\u00dfinvestor zu suchen und der Bebauungsplan Nr. 67 bleibt weiter aktiv. Die \u00dcbergabe der Petition findet daher trotz des R\u00fcckziehers von Honold \u00f6ffentlich am Dienstag, den 24.4.2018 um 17\u2026","rel":"","context":"Mit 35 Kommentaren","block_context":{"text":"Mit 35 Kommentaren","link":"https:\/\/keine-osttangente.de\/?page_id=738#comments"},"img":{"alt_text":"","src":"https:\/\/i0.wp.com\/keine-osttangente.de\/wp-content\/uploads\/2017\/11\/dobrindt-300x233.jpg?resize=350%2C200","width":350,"height":200},"classes":[]},{"id":1404,"url":"https:\/\/keine-osttangente.de\/?page_id=1404","url_meta":{"origin":1576,"position":2},"title":"Keine Osttangente","author":"Admin","date":"4. November 2018","format":false,"excerpt":"Die Osttangente soll als neue Schnellstra\u00dfe zwischen Oberottmarshausen (B17) bis Derching (A8) zur Entlastung der B17 und zur Lenkung \u00fcberregionaler Verkehrsstr\u00f6me zwischen Lindauer (A96) und Stuttgarter Autobahn (A8) gebaut werden. Die Ausbaugesetze f\u00fcr den Bundesverkehrswegeplan 2030 und damit die Osttangente Augsburg sind im Herbst 2016 mit der Mehrheit der CDU\/CSU\u2026","rel":"","context":"\u00c4hnlicher Beitrag","block_context":{"text":"\u00c4hnlicher Beitrag","link":""},"img":{"alt_text":"","src":"","width":0,"height":0},"classes":[]},{"id":1583,"url":"https:\/\/keine-osttangente.de\/?page_id=1583","url_meta":{"origin":1576,"position":3},"title":"Newsletter","author":"Admin","date":"16. Mai 2018","format":false,"excerpt":"Hier k\u00f6nnen Sie sich in unseren Newsletter-Verteiler aufnehmen lassen. Wir senden Ihnen dann Einladungen und Informationen zu unseren Themen zu. \u00a0Hierf\u00fcr ben\u00f6tigen wir Ihre E-Mail-Adresse und Ihre Erkl\u00e4rung, dass Sie mit dem Bezug des Newsletters einverstanden sind. Schicken\u00a0 Sie uns bitte eine E-Mail\u00a0 mit dem Betreff 'Newsletter abonnieren' an die\u2026","rel":"","context":"\u00c4hnlicher Beitrag","block_context":{"text":"\u00c4hnlicher Beitrag","link":""},"img":{"alt_text":"","src":"","width":0,"height":0},"classes":[]},{"id":746,"url":"https:\/\/keine-osttangente.de\/?page_id=746","url_meta":{"origin":1576,"position":4},"title":"\u00d6ffentlichkeitsbeteiligung","author":"Admin","date":"14. M\u00e4rz 2016","format":false,"excerpt":"Vom 21.3.2016 bis 2.5.2016 l\u00e4uft die \u00d6ffentlichkeitsbeteiligung zum Bundesverkehrswegeplan 2030. F\u00fcr uns ist nur das Projekt B002-G080-BY\u00a0 \"Osttangente Augsburg\" relevant. Wie k\u00f6nnen Sie sich beteiligen? Wichtig ist, dass Sie sich beteiligen und auch Freunde und Bekannte auf die Thematik hinweisen. Nur wenn wir auch hier unsere Bedenken und Einw\u00e4nde formulieren\u2026","rel":"","context":"\u00c4hnlicher Beitrag","block_context":{"text":"\u00c4hnlicher Beitrag","link":""},"img":{"alt_text":"","src":"","width":0,"height":0},"classes":[]},{"id":2,"url":"https:\/\/keine-osttangente.de\/?page_id=2","url_meta":{"origin":1576,"position":5},"title":"Information","author":"Admin","date":"28. April 2015","format":false,"excerpt":"Wir sind ein Aktionsb\u00fcndnis gegen die geplante Osttangente zwischen der B17 s\u00fcdlich von K\u00f6nigsbrunn und der A8 bei Friedberg. Wir wollen keine 4-spurige, autobahn\u00e4hnliche Bundesstrasse durch sensible und wichtige Naturschutz-, Wasserschutz- und Naherholungsgebiete. Wir wollen unsere Natur und Heimat erhalten, f\u00fcr unsere Kinder und zuk\u00fcnftige Generationen. Bitte unterst\u00fctzen Sie uns\u2026","rel":"","context":"\u00c4hnlicher Beitrag","block_context":{"text":"\u00c4hnlicher Beitrag","link":""},"img":{"alt_text":"","src":"","width":0,"height":0},"classes":[]}],"jetpack_likes_enabled":true,"jetpack_sharing_enabled":true,"_links":{"self":[{"href":"https:\/\/keine-osttangente.de\/index.php?rest_route=\/wp\/v2\/pages\/1576"}],"collection":[{"href":"https:\/\/keine-osttangente.de\/index.php?rest_route=\/wp\/v2\/pages"}],"about":[{"href":"https:\/\/keine-osttangente.de\/index.php?rest_route=\/wp\/v2\/types\/page"}],"author":[{"embeddable":true,"href":"https:\/\/keine-osttangente.de\/index.php?rest_route=\/wp\/v2\/users\/1"}],"replies":[{"embeddable":true,"href":"https:\/\/keine-osttangente.de\/index.php?rest_route=%2Fwp%2Fv2%2Fcomments&post=1576"}],"version-history":[{"count":5,"href":"https:\/\/keine-osttangente.de\/index.php?rest_route=\/wp\/v2\/pages\/1576\/revisions"}],"predecessor-version":[{"id":2137,"href":"https:\/\/keine-osttangente.de\/index.php?rest_route=\/wp\/v2\/pages\/1576\/revisions\/2137"}],"wp:attachment":[{"href":"https:\/\/keine-osttangente.de\/index.php?rest_route=%2Fwp%2Fv2%2Fmedia&parent=1576"}],"curies":[{"name":"wp","href":"https:\/\/api.w.org\/{rel}","templated":true}]}}