{"id":1574,"date":"2018-05-16T14:38:50","date_gmt":"2018-05-16T14:38:50","guid":{"rendered":"http:\/\/keine-osttangente.de\/?page_id=1574"},"modified":"2025-04-03T10:29:00","modified_gmt":"2025-04-03T10:29:00","slug":"datenschutzerklaerung","status":"publish","type":"page","link":"https:\/\/keine-osttangente.de\/?page_id=1574","title":{"rendered":"Datenschutzerkl\u00e4rung"},"content":{"rendered":"<header class=\"articleHeader\">\n<p data-rtr-subtitle=\"#read\">Diese Erkl\u00e4rung gilt f\u00fcr den Verein <em>AKO-Alternative Konzepte f\u00fcr Mobilit\u00e4t e.V.<\/em> sowie f\u00fcr das <em>Aktionsb\u00fcndnis keine Osttangente<\/em>.<\/p>\n<p data-rtr-subtitle=\"#read\">Der Schutz Ihrer pers\u00f6nlichen Daten ist uns ein besonderes Anliegen. Wir verarbeiten Ihre Daten daher ausschlie\u00dflich auf Grundlage der gesetzlichen Bestimmungen (EU-Datenschutzgrundverordnung (DSGVO), Telemediengesetz). In diesen Datenschutzinformationen informieren wir Sie \u00fcber die wichtigsten Aspekte der Datenverarbeitung im Rahmen unserer Website.<time class=\"t3_date\" datetime=\"2018-05-02\" data-rtr-pubdate=\"2018-05-02\"><\/time><\/p>\n<p data-rtr-subtitle=\"#read\">Zu den verwendeten Begrifflichkeiten, wie z.B. \u201eVerarbeitung\u201c oder \u201eVerantwortlicher\u201c verweisen wir auf die Definitionen im Art. 4 der Datenschutzgrundverordnung.<\/p>\n<h3 id=\"dsg-general-controller\">Verantwortlicher<\/h3>\n<p>AKO-Alternative Konzepte f\u00fcr Mobilit\u00e4t e.V.<br \/>\nVorstand Wolfhard von Thienen<br \/>\nSachseng\u00e4sschen 3<br \/>\n86415 Mering<br \/>\nTel. 08233-31286<br \/>\nE-Mail: <a href=\"mailto:info@keine-osttangente.de\">info(at)keine-osttangente(punkt)de\u00a0<\/a>oder<a href=\"mailto:info@ako-mobilitaet.de\"> info@ako-mobilitaet.de<\/a>.<\/p>\n<p>Weitere Verantwortlichkeiten sowie\u00a0 Kontaktdaten finden Sie in unserem <a href=\"http:\/\/www.keine-osttangente.de\/?page_id=24\"><strong>Impressum<\/strong><\/a>.<\/p>\n<\/header>\n<section class=\"articleContent\">\n<h4>Pers\u00f6nliche Daten<\/h4>\n<p class=\"bodytext\">Pers\u00f6nliche Daten, die Sie an uns elektronisch \u00fcbermitteln, z.B. Ihren Namen, Postanschrift, E-Mail-Adresse oder andere pers\u00f6nlichen Angaben, werden von uns nur zum jeweils angegebenen Zweck verwendet, sicher verwahrt und nicht an Dritte weitergegeben. Wir werden Ihnen nur Informationen zuschicken, sofern Sie sich f\u00fcr entsprechende Dienste angemeldet haben.<\/p>\n<h4><b>Kontakt mit uns<\/b><\/h4>\n<p class=\"bodytext\">Wenn Sie per E-Mail Kontakt mit uns aufnehmen, werden\u00a0 Ihre angegebenen Daten zwecks Bearbeitung der Anfrage und f\u00fcr den Fall von Anschlussfragen bei uns gespeichert.<\/p>\n<h4><strong>Kommentare<br \/>\n<\/strong><\/h4>\n<p>Wenn Nutzer Kommentare\u00a0 hinterlassen, werden ihre IP-Adressen auf Grundlage unserer berechtigten Interessen im Sinne des Art. 6 Abs. 1 lit. f. DSGVO gespeichert. Das erfolgt zu unserer Sicherheit, falls jemand in Kommentaren widerrechtliche Inhalte hinterl\u00e4sst (Beleidigungen, verbotene politische Propaganda, etc.). In diesem Fall k\u00f6nnen wir selbst f\u00fcr den Kommentar\u00a0 belangt werden und sind daher an der Identit\u00e4t des Verfassers interessiert.<\/p>\n<h4><strong>Kommentarabonnements<\/strong><\/h4>\n<p>Nachfolgekommentare oder Beitr\u00e4ge k\u00f6nnen durch Nutzer mit deren Einwilligung gem. Art. 6 Abs. 1 lit. a DSGVO abonniert werden. Die Nutzer erhalten eine E-Mail, um zu \u00fcberpr\u00fcfen, ob sie der Inhaber der eingegebenen Emailadresse sind.\u00a0 In dieser E-Mail ist ein Best\u00e4tigungslink. Erst wenn dieses geklickt wird, wird das Abonnement aktiv.<\/p>\n<p>Nutzer k\u00f6nnen laufende Kommentarabonnements jederzeit abbestellen. Die Best\u00e4tigungsemail enth\u00e4lt Hinweise zu den Widerrufsm\u00f6glichkeiten. F\u00fcr die Zwecke des Nachweises der Einwilligung der Nutzer, speichern wir den Anmeldezeitpunkt nebst der IP-Adresse der Nutzer und l\u00f6schen diese Informationen, wenn Nutzer sich von dem Abonnement abmelden.<\/p>\n<p>Sie k\u00f6nnen den Empfang unseres Abonnements jederzeit k\u00fcndigen, d.h. Ihre Einwilligungen widerrufen. Wir k\u00f6nnen die ausgetragenen E-Mailadressen auf Grundlage unserer berechtigten Interessen speichern bevor wir sie l\u00f6schen, um eine ehemals gegebene Einwilligung nachweisen zu k\u00f6nnen. Die Verarbeitung dieser Daten wird auf den Zweck einer m\u00f6glichen Abwehr von Anspr\u00fcchen beschr\u00e4nkt. Ein individueller L\u00f6schungsantrag ist jederzeit m\u00f6glich, sofern zugleich das ehemalige Bestehen einer Einwilligung best\u00e4tigt wird.<\/p>\n<h4><b>Datenl\u00f6schung und Speicherung<\/b><\/h4>\n<p class=\"bodytext\">Ihre personenbezogenen Daten werden gel\u00f6scht oder gesperrt, sobald der Zweck der Speicherung entf\u00e4llt. Eine l\u00e4ngere Speicherung kann dann erfolgen, wenn der L\u00f6schung eine gesetzliche Aufbewahrungsfrist\u00a0 entgegensteht. Eine Weitergabe an Dritte erfolgt nicht.<\/p>\n<h4><strong>Einbindung von Diensten und Inhalten Dritter<\/strong><\/h4>\n<p>Wir setzen innerhalb unseres Onlineangebotes auf Grundlage unserer berechtigten Interessen (d.h. Interesse an der Analyse, Optimierung und wirtschaftlichem Betrieb unseres Onlineangebotes im Sinne des Art. 6 Abs. 1 lit. f. DSGVO) Inhalts- oder Serviceangebote von Drittanbietern ein, um deren Inhalte und Services, wie z.B. Schriftarten einzubinden (nachfolgend einheitlich bezeichnet als \u201cInhalte\u201d).<\/p>\n<h6><strong>Google Fonts<\/strong><\/h6>\n<p>Wir binden die Schriftarten (&#8222;Google Fonts&#8220;) des Anbieters Google LLC, 1600 Amphitheatre Parkway, Mountain View, CA 94043, USA, ein.<\/p>\n<p>Datenschutzerkl\u00e4rung: <a href=\"https:\/\/www.google.com\/policies\/privacy\/\" target=\"_blank\" rel=\"noopener\">https:\/\/www.google.com\/policies\/privacy\/<\/a>, Opt-Out: <a href=\"https:\/\/adssettings.google.com\/authenticated\" target=\"_blank\" rel=\"noopener\">https:\/\/adssettings.google.com\/authenticated<\/a>.<\/p>\n<h6><strong>Google Maps<\/strong><\/h6>\n<p>Wir binden die Landkarten des Dienstes \u201cGoogle Maps\u201d des Anbieters Google LLC, 1600 Amphitheatre Parkway, Mountain View, CA 94043, USA, ein. Zu den verarbeiteten Daten k\u00f6nnen insbesondere IP-Adressen und Standortdaten der Nutzer geh\u00f6ren, die jedoch nicht ohne deren Einwilligung (im Regelfall im Rahmen der Einstellungen ihrer Mobilger\u00e4te vollzogen), erhoben werden. Die Daten k\u00f6nnen in den USA verarbeitet werden.<\/p>\n<p>Datenschutzerkl\u00e4rung: <a href=\"https:\/\/www.google.com\/policies\/privacy\/\" target=\"_blank\" rel=\"noopener\">https:\/\/www.google.com\/policies\/privacy\/<\/a>, Opt-Out: <a href=\"https:\/\/adssettings.google.com\/authenticated\" target=\"_blank\" rel=\"noopener\">https:\/\/adssettings.google.com\/authenticated<\/a>.<\/p>\n<h4><strong>Onlinepr\u00e4senzen in sozialen Medien<\/strong><\/h4>\n<p>Wir unterhalten Onlinepr\u00e4senzen innerhalb sozialer Netzwerke (speziell Facebook) und Plattformen, um mit den dort aktiven Interessenten und Nutzern kommunizieren und sie dort \u00fcber unsere Leistungen informieren zu k\u00f6nnen. Beim Aufruf der jeweiligen Netzwerke und Plattformen gelten die Gesch\u00e4ftsbedingungen und die Datenverarbeitungsrichtlinien deren jeweiligen Betreiber.<\/p>\n<p>Soweit nicht anders im Rahmen unserer Datenschutzerkl\u00e4rung angegeben, verarbeiten wir die Daten der Nutzer sofern diese mit uns innerhalb der sozialen Netzwerke und Plattformen kommunizieren, z.B. Beitr\u00e4ge auf unseren Onlinepr\u00e4senzen verfassen oder uns Nachrichten zusenden.<\/p>\n<h4><b>Verwendung von Social Plugins<br \/>\n<\/b><\/h4>\n<p class=\"bodytext\">Diese Webseite\u00a0 verwendet mit den &#8222;Teilen&#8220; Buttons am Ende der Artikel sogenannte Social Media Plugins von Facebook, Twitter, Google+, LinkedIn und Xing. Das jeweilige Plugin ist mit den entsprechenden Logos gekennzeichnet.<\/p>\n<p class=\"bodytext\">Unsere Webseite nutzt seit langem im Gegensatz zu vielen anderen die sogenannte Shariff-Methode. Erst wenn Sie den Button klicken, werden Daten an das jeweilige Social Media Netzwerk \u00fcbermittelt. Die Methode ist daher kompatibel zur\u00a0 EU-Datenschutzgrundverordnung (mehr Information dazu gibt es hier).<\/p>\n<h6>Facebook Plugin<\/h6>\n<p>Durch Klicken des\u00a0 Plugins erh\u00e4lt Facebook die Information, dass ein Nutzer die entsprechende Seite des Onlineangebotes aufgerufen hat. Ist der Nutzer bei Facebook eingeloggt, kann Facebook den Besuch seinem Facebook-Konto zuordnen. Wenn Nutzer mit den Plugins interagieren, zum Beispiel den Like Button bet\u00e4tigen oder einen Kommentar abgeben, wird die entsprechende Information von Ihrem Ger\u00e4t direkt an Facebook \u00fcbermittelt und dort gespeichert. Falls ein Nutzer kein Mitglied von Facebook ist, besteht trotzdem die M\u00f6glichkeit, dass Facebook seine IP-Adresse in Erfahrung bringt und speichert. Laut Facebook wird in Deutschland nur eine anonymisierte IP-Adresse gespeichert.<\/p>\n<p>Zweck und Umfang der Datenerhebung und die weitere Verarbeitung und Nutzung der Daten durch Facebook sowie die diesbez\u00fcglichen Rechte und Einstellungsm\u00f6glichkeiten zum Schutz der Privatsph\u00e4re der Nutzer, k\u00f6nnen diese den Datenschutzhinweisen von Facebook entnehmen:<br \/>\n<a href=\"https:\/\/www.facebook.com\/about\/privacy\/\" target=\"_blank\" rel=\"noopener\">https:\/\/www.facebook.com\/about\/privacy\/<\/a>.<\/p>\n<p>Wenn ein Nutzer Facebookmitglied ist und nicht m\u00f6chte, dass Facebook \u00fcber dieses Onlineangebot Daten \u00fcber ihn sammelt und mit seinen bei Facebook gespeicherten Mitgliedsdaten verkn\u00fcpft, muss er sich vor der Nutzung unseres Onlineangebotes bei Facebook ausloggen und seine Cookies l\u00f6schen. Weitere Einstellungen und Widerspr\u00fcche zur Nutzung von Daten f\u00fcr Werbezwecke, sind innerhalb der Facebook-Profileinstellungen m\u00f6glich:\u00a0<a href=\"https:\/\/www.facebook.com\/settings?tab=ads\" target=\"_blank\" rel=\"noopener\"><br \/>\nhttps:\/\/www.facebook.com\/settings?tab=ads<\/a><br \/>\noder \u00fcber die US-amerikanische Seite\u00a0<a href=\"http:\/\/www.aboutads.info\/choices\/\" target=\"_blank\" rel=\"noopener\" class=\"broken_link\"><br \/>\nhttp:\/\/www.aboutads.info\/choices\/<\/a><br \/>\noder die EU-Seite<br \/>\n<a href=\"http:\/\/www.youronlinechoices.com\/\" target=\"_blank\" rel=\"noopener\">http:\/\/www.youronlinechoices.com\/<\/a>.<\/p>\n<p>Die Einstellungen erfolgen plattformunabh\u00e4ngig, d.h. sie werden f\u00fcr alle Ger\u00e4te, wie Desktopcomputer oder mobile Ger\u00e4te \u00fcbernommen.<\/p>\n<h6><strong>Twitter Plugin<br \/>\n<\/strong><\/h6>\n<p>Sofern die Nutzer Mitglieder der Plattform Twitter sind, kann Twitter den Aufruf der Schaltfl\u00e4che den dortigen Profilen der Nutzer zuordnen.<\/p>\n<p>Twitter ist unter dem Privacy-Shield-Abkommen zertifiziert und bietet hierdurch eine Garantie, das europ\u00e4ische Datenschutzrecht einzuhalten (<a href=\"https:\/\/www.privacyshield.gov\/participant?id=a2zt0000000TORzAAO&amp;status=Active\" target=\"_blank\" rel=\"noopener\">https:\/\/www.privacyshield.gov\/participant?id=a2zt0000000TORzAAO&amp;status=Active<\/a>).<\/p>\n<p>Datenschutzerkl\u00e4rung: <a href=\"https:\/\/twitter.com\/de\/privacy\" target=\"_blank\" rel=\"noopener\">https:\/\/twitter.com\/de\/privacy<\/a>,<br \/>\nOpt-Out: <a href=\"https:\/\/twitter.com\/personalization\" target=\"_blank\" rel=\"noopener\">https:\/\/twitter.com\/personalization<\/a>.<\/p>\n<h6><strong>Xing Plugin<br \/>\n<\/strong><\/h6>\n<p>Der Dienst Xing wird angeboten durch die\u00a0 XING AG, Dammtorstra\u00dfe 29-32, 20354 Hamburg, Deutschland.<\/p>\n<p>Sofern die Nutzer Mitglieder der Plattform Xing sind, kann Xing den Aufruf der Schaltfl\u00e4che den dortigen Profilen der Nutzer zuordnen.<\/p>\n<p>Datenschutzerkl\u00e4rung von Xing:<br \/>\n<a href=\"https:\/\/www.xing.com\/app\/share?op=data_protection\" target=\"_blank\" rel=\"noopener\">https:\/\/www.xing.com\/app\/share?op=data_protection.<\/a><\/p>\n<h6><strong>LinkedIn Plugin<br \/>\n<\/strong><\/h6>\n<p>Der Dienst LinkedIn wird angeboten durch die LinkedIn Ireland Unlimited Company Wilton Place, Dublin 2, Irland.<\/p>\n<p>Sofern die Nutzer Mitglieder der Plattform LinkedIn sind, kann LinkedIn den Aufruf der Schaltfl\u00e4che den dortigen Profilen der Nutzer zuordnen.<\/p>\n<p>LinkedIn ist unter dem Privacy-Shield-Abkommen zertifiziert und bietet hierdurch eine Garantie, das europ\u00e4ische Datenschutzrecht einzuhalten (<a href=\"https:\/\/www.privacyshield.gov\/participant?id=a2zt0000000L0UZAA0&amp;status=Active\" target=\"_blank\" rel=\"noopener\">https:\/\/www.privacyshield.gov\/participant?id=a2zt0000000L0UZAA0&amp;status=Active<\/a>).<\/p>\n<p>Datenschutzerkl\u00e4rung: <a href=\"https:\/\/www.linkedin.com\/legal\/privacy-policy\" target=\"_blank\" rel=\"noopener\">https:\/\/www.linkedin.com\/legal\/privacy-policy<\/a>,<br \/>\nOpt-Out: <a href=\"https:\/\/www.linkedin.com\/psettings\/guest-controls\/retargeting-opt-out\" target=\"_blank\" rel=\"noopener\">https:\/\/www.linkedin.com\/psettings\/guest-controls\/retargeting-opt-out<\/a>.<\/p>\n<h4><b>Verwendung von Cookies<\/b><\/h4>\n<p class=\"bodytext\">Unsere Website verwendet so genannte Cookies. Dabei handelt es sich um kleine Textdateien, die mit Hilfe des Browsers auf Ihrem Endger\u00e4t abgelegt werden. Sie richten keinen Schaden an.<\/p>\n<p class=\"bodytext\">Wir nutzen Cookies dazu, unser Angebot nutzerfreundlich zu gestalten. Einige Cookies bleiben auf Ihrem Endger\u00e4t gespeichert, bis Sie diese l\u00f6schen. Sie erm\u00f6glichen es uns z.B., Ihren Browser beim n\u00e4chsten Besuch wiederzuerkennen.<\/p>\n<p class=\"bodytext\">Wenn Sie dies nicht w\u00fcnschen, k\u00f6nnen Sie Ihren Browser so einrichten, dass er Sie \u00fcber das Setzen von Cookies informiert und Sie dies im Einzelfall erlauben k\u00f6nnen. Zur Konfiguration von Cookies in Ihrem Browser siehe die entsprechende Browser Dokumentation.<\/p>\n<p class=\"bodytext\">Bei der Deaktivierung von Cookies kann die Funktionalit\u00e4t unserer Website eingeschr\u00e4nkt sein.<\/p>\n<h4><b>Newsletter<\/b><\/h4>\n<p class=\"bodytext\">Sie haben die M\u00f6glichkeit, \u00fcber unsere Website unseren Newsletter zu abonnieren. Hierf\u00fcr ben\u00f6tigen wir Ihre E-Mail-Adresse und Ihre Erkl\u00e4rung, dass Sie mit dem Bezug des Newsletters einverstanden sind. Schicken\u00a0 Sie uns bitte eine E-Mail\u00a0 \u00fcber unsere &#8222;Mitmachen -&gt; Newsletter&#8220; Seite.<\/p>\n<p class=\"bodytext\">Eine Weitergabe der Daten an Dritte erfolgt nicht. Diese Daten werden ausschlie\u00dflich f\u00fcr den Versand des Newsletters genutzt.<\/p>\n<p class=\"bodytext\">Das Abo des Newsletters k\u00f6nnen Sie jederzeit stornieren. Einen entsprechenden Hinweis finden Sie in jedem verschickten Newsletter am Ende.\u00a0 Wir l\u00f6schen anschlie\u00dfend umgehend Ihre Daten im Zusammenhang mit dem Newsletter-Versand.<\/p>\n<h4>Links zu anderen Webseiten<\/h4>\n<p class=\"bodytext\">Unser Angebot enth\u00e4lt Links zu externen Webseiten Dritter, auf deren Inhalte wir keinen Einfluss haben. Deshalb k\u00f6nnen wir f\u00fcr diese fremden Inhalte auch keine Gew\u00e4hr \u00fcbernehmen. F\u00fcr die Inhalte der verlinkten Seiten ist stets der jeweilige Anbieter oder Betreiber der Seiten verantwortlich. Die verlinkten Seiten wurden zum Zeitpunkt der Verlinkung auf m\u00f6gliche Rechtsverst\u00f6\u00dfe \u00fcberpr\u00fcft. Rechtswidrige Inhalte waren zum Zeitpunkt der Verlinkung nicht erkennbar. Eine permanente inhaltliche Kontrolle der verlinkten Seiten ist jedoch ohne konkrete Anhaltspunkte einer Rechtsverletzung nicht zumutbar. Bei bekannt werden von Rechtsverletzungen werden wir derartige Links umgehend entfernen.<\/p>\n<h4><strong>Hosting<\/strong><\/h4>\n<p>Die von uns in Anspruch genommenen Hosting-Leistungen bei unserem Hostinganbieter Strato dienen der Zurverf\u00fcgungstellung der folgenden Leistungen: Infrastruktur- und Plattformdienstleistungen, Rechenkapazit\u00e4t, Speicherplatz und Datenbankdienste, Sicherheitsleistungen sowie technische Wartungsleistungen, die wir zum Zwecke des Betriebs dieses Onlineangebotes einsetzen.<\/p>\n<p>Strato, erhebt auf Grundlage unserer berechtigten Interessen im Sinne des Art. 6 Abs. 1 lit. f. DSGVO in Verbindung mit Art. 28 DSGVO (Abschluss Auftragsverarbeitungsvertrag) Daten \u00fcber jeden Zugriff auf den Server, auf dem sich dieser Dienst befindet (sogenannte Serverlogfiles). Zu den Zugriffsdaten geh\u00f6ren Name der abgerufenen Webseite, Datei, Datum und Uhrzeit des Abrufs, \u00fcbertragene Datenmenge, Meldung \u00fcber erfolgreichen Abruf, Browsertyp nebst Version, das Betriebssystem des Nutzers, Referrer URL (die zuvor besuchte Seite), IP-Adresse und der anfragende Provider.<\/p>\n<p>Logfile-Informationen werden aus Sicherheitsgr\u00fcnden (z.B. zur Aufkl\u00e4rung von Missbrauchs- oder Betrugshandlungen) f\u00fcr die Dauer von maximal 7 Tagen gespeichert und danach gel\u00f6scht. Daten, deren weitere Aufbewahrung zu Beweiszwecken erforderlich ist, sind bis zur endg\u00fcltigen Kl\u00e4rung des jeweiligen Vorfalls von der L\u00f6schung ausgenommen.<\/p>\n<h4><strong>\u00dcbermittlungen in Drittl\u00e4nder<\/strong><\/h4>\n<p>Sofern wir Daten in einem Drittland (d.h. au\u00dferhalb der Europ\u00e4ischen Union (EU) oder des Europ\u00e4ischen Wirtschaftsraums (EWR)) verarbeiten oder dies im Rahmen der Inanspruchnahme von Diensten Dritter oder Offenlegung, bzw. \u00dcbermittlung von Daten an Dritte geschieht, erfolgt dies nur, wenn es zur Erf\u00fcllung unserer (vor)vertraglichen Pflichten, auf Grundlage Ihrer Einwilligung, aufgrund einer rechtlichen Verpflichtung oder auf Grundlage unserer berechtigten Interessen geschieht. Vorbehaltlich gesetzlicher oder vertraglicher Erlaubnisse, verarbeiten oder lassen wir die Daten in einem Drittland nur beim Vorliegen der besonderen Voraussetzungen der Art. 44 ff. DSGVO verarbeiten.<\/p>\n<p>Dies bedeutet die Verarbeitung erfolgt z.B. auf Grundlage besonderer Garantien, wie der offiziell anerkannten Feststellung eines der EU entsprechenden Datenschutzniveaus (z.B. f\u00fcr die USA durch das \u201ePrivacy Shield\u201c) oder Beachtung offiziell anerkannter spezieller vertraglicher Verpflichtungen (so genannte \u201eStandardvertragsklauseln\u201c).<\/p>\n<h4><strong>Statistiken<\/strong><\/h4>\n<p>Wir nutzen auf Grundlage unserer berechtigten Interessen (d.h. Interesse an der Analyse, Optimierung und wirtschaftlichem Betrieb unseres Onlineangebotes im Sinne des Art. 6 Abs. 1 lit. f. DSGVO) das Plugin Jetpack (hier die Unterfunktion \u201eWordpress Stats\u201c), welches ein Tool zur statistischen Auswertung der Besucherzugriffe einbindet und von Automattic Inc., 60 29th Street #343, San Francisco, CA 94110, USA stammt. Jetpack verwendet sog. \u201eCookies\u201c, Textdateien, die auf Ihrem Computer gespeichert werden und die eine Analyse der Benutzung der Website durch Sie erm\u00f6glichen.<\/p>\n<p>Automattic ist unter dem Privacy-Shield-Abkommen zertifiziert und bietet hierdurch eine Garantie, das europ\u00e4ische Datenschutzrecht einzuhalten (<a href=\"https:\/\/www.privacyshield.gov\/participant?id=a2zt0000000CbqcAAC&amp;status=Active\" target=\"_blank\" rel=\"noopener\">https:\/\/www.privacyshield.gov\/participant?id=a2zt0000000CbqcAAC&amp;status=Active<\/a>).<\/p>\n<p>Die durch das Cookie erzeugten Informationen \u00fcber Ihre Benutzung dieses Onlineangebotes werden auf einem Server in den USA gespeichert. Dabei k\u00f6nnen aus den verarbeiteten Daten Nutzungsprofile der Nutzer erstellt werden, wobei diese nur zu Analyse- und nicht zu Werbezwecken eingesetzt werden. Weitere Informationen erhalten Sie in den Datenschutzerkl\u00e4rungen von Automattic: <a href=\"https:\/\/automattic.com\/privacy\/\" target=\"_blank\" rel=\"noopener\">https:\/\/automattic.com\/privacy\/<\/a> und Hinweisen zu Jetpack-Cookies:\u00a0<a href=\"https:\/\/jetpack.com\/support\/cookies\/\" target=\"_blank\" rel=\"noopener\">https:\/\/jetpack.com\/support\/cookies\/<\/a>.<\/p>\n<h4><strong>Ihre Rechte<\/strong><\/h4>\n<p class=\"bodytext\">Ihnen stehen grunds\u00e4tzlich die Rechte auf Auskunft, Berichtigung, L\u00f6schung, Einschr\u00e4nkung, Daten\u00fcbertragbarkeit, Widerruf und Widerspruch nach den entsprechenden Paragraphen der DSGVO zu.<\/p>\n<p class=\"bodytext\">Wenn Sie glauben, dass die Verarbeitung Ihrer Daten gegen das Datenschutzrecht verst\u00f6\u00dft oder Ihre datenschutzrechtlichen Anspr\u00fcche sonst in einer Weise verletzt worden sind, k\u00f6nnen Sie sich bei der Aufsichtsbeh\u00f6rde beschweren. In Deutschland sind dies die jeweiligen Landes-Datenschutzbeauftragten.<\/p>\n<h4 id=\"dsg-general-legalbasis\">Ma\u00dfgebliche Rechtsgrundlagen<\/h4>\n<p>Nach Ma\u00dfgabe des Art. 13 DSGVO teilen wir Ihnen die Rechtsgrundlagen unserer Datenverarbeitungen mit. Sofern die Rechtsgrundlage in der Datenschutzerkl\u00e4rung nicht genannt wird, gilt Folgendes:<\/p>\n<ul>\n<li>Die Rechtsgrundlage f\u00fcr die Einholung von Einwilligungen ist Art. 6 Abs. 1 lit. a und Art. 7 DSGVO,<\/li>\n<li>die Rechtsgrundlage f\u00fcr die Verarbeitung zur Erf\u00fcllung unserer Leistungen und Durchf\u00fchrung vertraglicher Ma\u00dfnahmen sowie Beantwortung von Anfragen ist Art. 6 Abs. 1 lit. b DSGVO,<\/li>\n<li>die Rechtsgrundlage f\u00fcr die Verarbeitung zur Erf\u00fcllung unserer rechtlichen Verpflichtungen ist Art. 6 Abs. 1 lit. c DSGVO,<\/li>\n<li>und die Rechtsgrundlage f\u00fcr die Verarbeitung zur Wahrung unserer berechtigten Interessen ist Art. 6 Abs. 1 lit. f DSGVO.<\/li>\n<li>F\u00fcr den Fall, dass lebenswichtige Interessen der betroffenen Person oder einer anderen nat\u00fcrlichen Person eine Verarbeitung personenbezogener Daten erforderlich machen, dient Art. 6 Abs. 1 lit. d DSGVO als Rechtsgrundlage.<\/li>\n<\/ul>\n<h4><b>Nutzungsbedingungen und Kontakt<\/b><\/h4>\n<p class=\"bodytext\">Weitere Informationen zur Nutzung dieses Internetangebots finden Sie in unserer <strong><a href=\"https:\/\/keine-osttangente.de\/?page_id=1576\">Hilfe<\/a><\/strong> und in unserem <a href=\"https:\/\/keine-osttangente.de\/?page_id=24\"><strong>Impressum<\/strong><\/a>.<\/p>\n<p>Zu allen Themen dieser Datenschutzverordnung bzw. bei weiteren Fragen k\u00f6nnen Sie uns kontaktieren. Die Kontaktinformationen stehen in unserem <a href=\"https:\/\/keine-osttangente.de\/?page_id=24\"><strong>Impressum<\/strong><\/a>.<\/p>\n<p>Wir bitten Sie sich regelm\u00e4\u00dfig \u00fcber den Inhalt unserer Datenschutzerkl\u00e4rung zu informieren. Wir passen die Datenschutzerkl\u00e4rung an, sobald die \u00c4nderungen der von uns durchgef\u00fchrten Datenverarbeitungen oder \u00c4nderungen an Geetzen dies erforderlich machen. Wir informieren Sie, sobald durch die \u00c4nderungen eine Mitwirkungshandlung Ihrerseits (z.B. Einwilligung) oder eine sonstige individuelle Benachrichtigung erforderlich wird.<\/p>\n<p>Diese Datenschutzerkl\u00e4rung enth\u00e4lt teilweise ver\u00e4nderte Passagen, die urspr\u00fcnglich mit dem <a href=\"https:\/\/www.datenschutz-generator.de\" target=\"_blank\" rel=\"noopener\">Datenschutzgenerator<\/a> von RA Dr. Thomas Schwenke erstellt wurden.<\/p>\n<\/section>\n","protected":false},"excerpt":{"rendered":"<p>Diese Erkl\u00e4rung gilt f\u00fcr den Verein AKO-Alternative Konzepte f\u00fcr Mobilit\u00e4t e.V. sowie f\u00fcr das Aktionsb\u00fcndnis keine Osttangente. Der Schutz Ihrer pers\u00f6nlichen Daten ist uns ein besonderes Anliegen. Wir verarbeiten Ihre Daten daher ausschlie\u00dflich auf Grundlage der gesetzlichen Bestimmungen (EU-Datenschutzgrundverordnung (DSGVO), Telemediengesetz). In diesen Datenschutzinformationen informieren wir Sie \u00fcber die wichtigsten Aspekte der Datenverarbeitung im Rahmen &hellip; <a href=\"https:\/\/keine-osttangente.de\/?page_id=1574\" class=\"more-link\"><span class=\"screen-reader-text\">Datenschutzerkl\u00e4rung<\/span> weiterlesen <span class=\"meta-nav\">&rarr;<\/span><\/a><\/p>\n","protected":false},"author":1,"featured_media":0,"parent":0,"menu_order":0,"comment_status":"closed","ping_status":"closed","template":"","meta":{"jetpack_post_was_ever_published":false,"footnotes":""},"jetpack_shortlink":"https:\/\/wp.me\/P8dGOP-po","jetpack-related-posts":[{"id":24,"url":"https:\/\/keine-osttangente.de\/?page_id=24","url_meta":{"origin":1574,"position":0},"title":"Impressum","author":"Admin","date":"20. Mai 2015","format":false,"excerpt":"Diese Web-Auftritt und Blog ist von dem Verein AKO-Alternative Konzepte f\u00fcr Mobilit\u00e4t e.V. eingerichtet. Inhaltlich Verantwortlicher nach Paragraph 5 TMG: AKO-Alternative Konzepte f\u00fcr Mobilit\u00e4t e.V. Vorstand Wolfhard von Thienen Sachseng\u00e4sschen 3 86415 Mering Tel. 08233-31286 E-Mail Datenschutzerkl\u00e4rung Wir wissen, dass Sie dem Thema Datenschutz gro\u00dfe Bedeutung beimessen. Deshalb ist uns\u2026","rel":"","context":"\u00c4hnlicher Beitrag","block_context":{"text":"\u00c4hnlicher Beitrag","link":""},"img":{"alt_text":"","src":"","width":0,"height":0},"classes":[]},{"id":2158,"url":"https:\/\/keine-osttangente.de\/?page_id=2158","url_meta":{"origin":1574,"position":1},"title":"Der Verein","author":"Wolfhard von Thienen","date":"19. April 2021","format":false,"excerpt":"Das Aktionsb\u00fcndnis keine Osttangente ist organisatorisch an den Verein AKO-Alternative Konzepte f\u00fcr Mobilit\u00e4t e.V. angegliedert. Informationen zum Verein finden Sie hier","rel":"","context":"\u00c4hnlicher Beitrag","block_context":{"text":"\u00c4hnlicher Beitrag","link":""},"img":{"alt_text":"","src":"","width":0,"height":0},"classes":[]},{"id":1583,"url":"https:\/\/keine-osttangente.de\/?page_id=1583","url_meta":{"origin":1574,"position":2},"title":"Newsletter","author":"Admin","date":"16. Mai 2018","format":false,"excerpt":"Hier k\u00f6nnen Sie sich in unseren Newsletter-Verteiler aufnehmen lassen. Wir senden Ihnen dann Einladungen und Informationen zu unseren Themen zu. \u00a0Hierf\u00fcr ben\u00f6tigen wir Ihre E-Mail-Adresse und Ihre Erkl\u00e4rung, dass Sie mit dem Bezug des Newsletters einverstanden sind. Schicken\u00a0 Sie uns bitte eine E-Mail\u00a0 mit dem Betreff 'Newsletter abonnieren' an die\u2026","rel":"","context":"\u00c4hnlicher Beitrag","block_context":{"text":"\u00c4hnlicher Beitrag","link":""},"img":{"alt_text":"","src":"","width":0,"height":0},"classes":[]},{"id":386,"url":"https:\/\/keine-osttangente.de\/?page_id=386","url_meta":{"origin":1574,"position":3},"title":"Spende","author":"Admin","date":"13. Juni 2015","format":false,"excerpt":"Auch wir kommen nicht ohne Geld aus. Plakate, Flyer, eine Webseite sind nicht umsonst zu haben. Wenn Sie unsere Sache f\u00fcr richtig halten, unterst\u00fctzen Sie uns doch bitte mit einer Spende. Kontoinhaber: AKO-Alternative Konzepte f\u00fcr Mobilit\u00e4t e.V. IBAN: DE70 7205 0000 0251 5089 66 Bank: Stadtsparkasse Augsburg Sie k\u00f6nnen Ihre\u2026","rel":"","context":"Mit 2 Kommentaren","block_context":{"text":"Mit 2 Kommentaren","link":"https:\/\/keine-osttangente.de\/?page_id=386#comments"},"img":{"alt_text":"","src":"","width":0,"height":0},"classes":[]},{"id":394,"url":"https:\/\/keine-osttangente.de\/?page_id=394","url_meta":{"origin":1574,"position":4},"title":"Wer wir sind","author":"Admin","date":"13. Juni 2015","format":false,"excerpt":"Wir sind ein Aktionsb\u00fcndnis gegen die geplante Osttangente zwischen der B17 s\u00fcdlich von K\u00f6nigsbrunn und der A8 bei Friedberg. Das Aktionsb\u00fcndnis ist ein Projekt des Vereins \"AKO-Alternative Konzepte f\u00fcr Mobilit\u00e4t e.V.\" und wird von diesem koordiniert. Wir wollen keine 4-spurige, autobahn\u00e4hnliche Bundesstrasse durch sensible und wichtige Naturschutz-, Wasserschutz- und Naherholungsgebiete.\u2026","rel":"","context":"\u00c4hnlicher Beitrag","block_context":{"text":"\u00c4hnlicher Beitrag","link":""},"img":{"alt_text":"","src":"","width":0,"height":0},"classes":[]},{"id":1406,"url":"https:\/\/keine-osttangente.de\/?page_id=1406","url_meta":{"origin":1574,"position":5},"title":"Der Verein","author":"Admin","date":"4. November 2018","format":false,"excerpt":"Wir haben den Verein \"AKO \u2013 Alternative Konzepte f\u00fcr Mobilit\u00e4t\" gegr\u00fcndet, der sich allgemein f\u00fcr alternative Verkehrskonzepte und mehr B\u00fcrgerbeteiligung einsetzt. Das wichtigste Projekt dieses Vereins ist zur Zeit die Verhinderung der Osttangente. Hierzu brauchen wir Ihre Unterst\u00fctzung. Werden Sie daher Mitglied im neu gegr\u00fcndeten Verein. Hier k\u00f6nnen Sie das\u00a0\u2026","rel":"","context":"\u00c4hnlicher Beitrag","block_context":{"text":"\u00c4hnlicher Beitrag","link":""},"img":{"alt_text":"","src":"","width":0,"height":0},"classes":[]}],"jetpack_likes_enabled":true,"jetpack_sharing_enabled":true,"_links":{"self":[{"href":"https:\/\/keine-osttangente.de\/index.php?rest_route=\/wp\/v2\/pages\/1574"}],"collection":[{"href":"https:\/\/keine-osttangente.de\/index.php?rest_route=\/wp\/v2\/pages"}],"about":[{"href":"https:\/\/keine-osttangente.de\/index.php?rest_route=\/wp\/v2\/types\/page"}],"author":[{"embeddable":true,"href":"https:\/\/keine-osttangente.de\/index.php?rest_route=\/wp\/v2\/users\/1"}],"replies":[{"embeddable":true,"href":"https:\/\/keine-osttangente.de\/index.php?rest_route=%2Fwp%2Fv2%2Fcomments&post=1574"}],"version-history":[{"count":9,"href":"https:\/\/keine-osttangente.de\/index.php?rest_route=\/wp\/v2\/pages\/1574\/revisions"}],"predecessor-version":[{"id":2575,"href":"https:\/\/keine-osttangente.de\/index.php?rest_route=\/wp\/v2\/pages\/1574\/revisions\/2575"}],"wp:attachment":[{"href":"https:\/\/keine-osttangente.de\/index.php?rest_route=%2Fwp%2Fv2%2Fmedia&parent=1574"}],"curies":[{"name":"wp","href":"https:\/\/api.w.org\/{rel}","templated":true}]}}